{"id":14239,"date":"2014-03-27T12:32:29","date_gmt":"2014-03-27T11:32:29","guid":{"rendered":"http:\/\/demo.qodeinteractive.com\/bridge28\/?page_id=14239"},"modified":"2023-10-02T09:33:32","modified_gmt":"2023-10-02T07:33:32","slug":"home","status":"publish","type":"page","link":"http:\/\/weingut-dona.com\/prod\/","title":{"rendered":"Home"},"content":{"rendered":"<div class=\"wpb-content-wrapper\"><p>[vc_row css_animation=&#8220;&#8220; row_type=&#8220;row&#8220; use_row_as_full_screen_section=&#8220;no&#8220; type=&#8220;full_width&#8220; angled_section=&#8220;no&#8220; text_align=&#8220;left&#8220; background_image_as_pattern=&#8220;without_pattern&#8220; background_color=&#8220;#ffffff&#8220; padding_top=&#8220;10&#8243;][vc_column][vc_empty_space][\/vc_column][\/vc_row][vc_row css_animation=&#8220;&#8220; row_type=&#8220;row&#8220; use_row_as_full_screen_section=&#8220;no&#8220; type=&#8220;grid&#8220; header_style=&#8220;dark&#8220; in_content_menu=&#8220;in_content_menu&#8220; content_menu_icon=&#8220;&#8220; angled_section=&#8220;no&#8220; text_align=&#8220;center&#8220; background_image_as_pattern=&#8220;without_pattern&#8220; background_color=&#8220;#ffffff&#8220;][vc_column width=&#8220;1\/4&#8243;][vc_column_text]<\/p>\n<h2><a href=\"http:\/\/weingut-dona.com\/kellerei\" rel=\"SELF\"><img decoding=\"async\" loading=\"lazy\" class=\"aligncenter wp-image-16600 size-full\" src=\"http:\/\/weingut-dona.com\/wp-content\/uploads\/Grape_1-e1486705446157.jpg\" width=\"53\" height=\"70\" \/><\/a><\/h2>\n<h2 style=\"text-align: center;\"><a href=\"http:\/\/weingut-dona.com\/kellerei\/\">KELLEREI<\/a><\/h2>\n<p>[\/vc_column_text][\/vc_column][vc_column width=&#8220;1\/2&#8243;][vc_column_text]<img decoding=\"async\" loading=\"lazy\" class=\"alignnone wp-image-16601 size-full aligncenter\" src=\"http:\/\/weingut-dona.com\/wp-content\/uploads\/Haus_1-e1486705492663.jpg\" width=\"53\" height=\"70\" \/><\/p>\n<h2 style=\"text-align: center;\"><a href=\"http:\/\/weingut-dona.com\/ferienwohnungen\/\">FERIENWOHNUNGEN<\/a><\/h2>\n<p>[\/vc_column_text][\/vc_column][vc_column width=&#8220;1\/4&#8243;][vc_empty_space height=&#8220;25&#8243;][vc_column_text]<\/p>\n<p><a href=\"https:\/\/weingut-dona.com\/prod\/buchung\/\" target=\"_blank\" rel=\"noopener\"><img decoding=\"async\" loading=\"lazy\" class=\"alignnone wp-image-18886 size-full\" src=\"http:\/\/weingut-dona.com\/wp-content\/uploads\/Buchen2.png\" alt=\"Buchen\" width=\"150\" height=\"150\" \/><\/a><\/p>\n<p>[\/vc_column_text][\/vc_column][\/vc_row][vc_row css_animation=&#8220;&#8220; row_type=&#8220;row&#8220; use_row_as_full_screen_section=&#8220;no&#8220; type=&#8220;grid&#8220; in_content_menu=&#8220;in_content_menu&#8220; content_menu_icon=&#8220;&#8220; angled_section=&#8220;no&#8220; text_align=&#8220;left&#8220; background_image_as_pattern=&#8220;without_pattern&#8220; row_negative_margin=&#8220;disable_negative_margin&#8220; padding_top=&#8220;87&#8243; padding_bottom=&#8220;34&#8243;][vc_column width=&#8220;1\/6&#8243;][\/vc_column][vc_column width=&#8220;2\/3&#8243;][vc_single_image image=&#8220;18643&#8243; img_size=&#8220;full&#8220; alignment=&#8220;center&#8220; qode_css_animation=&#8220;&#8220; transition_delay=&#8220;-3&#8243;][vc_separator type=&#8220;transparent&#8220; up=&#8220;35&#8243; down=&#8220;22&#8243;][vc_column_text]<\/p>\n<p style=\"text-align: center;\">Das Weingut Don\u00e0 mit eigener Privatkellerei liegt an der S\u00fcdtiroler Weinstra\u00dfe in N\u00e4he des neuen Golfplatz Eppan. Inmitten von Weinbergen, mit Blick auf die faszinierende Bergwelt der Dolomiten, ist das Weingut ein Idyll der Ruhe. Der S\u00fcden S\u00fcdtirols ist bekannt f\u00fcr seine erlesenen Weine, die knackigen \u00c4pfel, die vielen Burgen und Schl\u00f6sser, sowie die herzliche Gastfreundschaft.<\/p>\n<p style=\"text-align: center;\">F\u00fchlen Sie sich wie zuhause bei Winzern.<\/p>\n<p style=\"text-align: center;\">Familie Don\u00e0<\/p>\n<p>[\/vc_column_text][\/vc_column][vc_column width=&#8220;1\/6&#8243;][\/vc_column][\/vc_row][vc_row css_animation=&#8220;&#8220; row_type=&#8220;row&#8220; use_row_as_full_screen_section=&#8220;no&#8220; type=&#8220;full_width&#8220; angled_section=&#8220;no&#8220; text_align=&#8220;center&#8220; background_image_as_pattern=&#8220;without_pattern&#8220;][vc_column][vc_single_image image=&#8220;16264&#8243; img_size=&#8220;full&#8220; alignment=&#8220;center&#8220; qode_css_animation=&#8220;element_from_left&#8220; transition_delay=&#8220;0.3&#8243; el_class=&#8220;h4&#8243;][vc_separator type=&#8220;transparent&#8220; up=&#8220;20&#8243; down=&#8220;20&#8243;][\/vc_column][\/vc_row][vc_row css_animation=&#8220;&#8220; row_type=&#8220;row&#8220; use_row_as_full_screen_section=&#8220;no&#8220; type=&#8220;full_width&#8220; header_style=&#8220;dark&#8220; in_content_menu=&#8220;in_content_menu&#8220; content_menu_icon=&#8220;&#8220; angled_section=&#8220;no&#8220; text_align=&#8220;left&#8220; background_image=&#8220;13861&#8243; background_image_as_pattern=&#8220;without_pattern&#8220; background_color=&#8220;#ece9dc&#8220;][vc_column][vc_separator type=&#8220;transparent&#8220; up=&#8220;35&#8243; down=&#8220;22&#8243;][vc_column_text]<\/p>\n<h2 style=\"text-align: center;\"><a href=\"http:\/\/weingut-dona.com\/kellerei\/\">Wein \u2013 ein St\u00fcck Lebenskultur.\u00a0<\/a><\/h2>\n<p style=\"text-align: center;\">Nach diesem Grundsatz und mit langj\u00e4hriger Erfahrung pflegt\u00a0Familie Don\u00e0\u00a0ihr\u00a0Weingut.<br \/>\nMit viel Freude und Engagement in Kombination mit fachlicher Kenntnis entstehen<br \/>\nortstypische Qualit\u00e4tsweine, die einen unverkennbaren Genuss bieten.<\/p>\n<p>[\/vc_column_text][vc_separator type=&#8220;transparent&#8220; up=&#8220;35&#8243; down=&#8220;22&#8243;][vc_single_image image=&#8220;17995&#8243; img_size=&#8220;full&#8220; alignment=&#8220;center&#8220; qode_css_animation=&#8220;element_from_bottom&#8220; transition_delay=&#8220;0.3&#8243;][vc_empty_space height=&#8220;20px&#8220;][vc_single_image image=&#8220;18591&#8243; img_size=&#8220;medium&#8220; alignment=&#8220;center&#8220; onclick=&#8220;custom_link&#8220; img_link_target=&#8220;_blank&#8220; qode_css_animation=&#8220;element_from_left&#8220; transition_delay=&#8220;0.3&#8243; link=&#8220;https:\/\/www.eppanwein.it\/&#8220;][vc_empty_space height=&#8220;30px&#8220;][vc_single_image image=&#8220;16265&#8243; img_size=&#8220;full&#8220; alignment=&#8220;center&#8220; qode_css_animation=&#8220;element_from_left&#8220; transition_delay=&#8220;0.3&#8243;][\/vc_column][\/vc_row][vc_row css_animation=&#8220;&#8220; row_type=&#8220;row&#8220; use_row_as_full_screen_section=&#8220;no&#8220; type=&#8220;grid&#8220; header_style=&#8220;dark&#8220; angled_section=&#8220;no&#8220; text_align=&#8220;left&#8220; background_image_as_pattern=&#8220;without_pattern&#8220; border_color=&#8220;rgba(163,153,52,0.34)&#8220;][vc_column][vc_separator type=&#8220;transparent&#8220; up=&#8220;35&#8243; down=&#8220;22&#8243;][vc_column_text el_class=&#8220;h2&#8243;]<\/p>\n<h2 style=\"text-align: center;\">Unsere Weine<\/h2>\n<p>[\/vc_column_text][vc_separator type=&#8220;transparent&#8220; up=&#8220;35&#8243; down=&#8220;22&#8243;][vc_column_text]<\/p>\n<p style=\"text-align: center;\">Mit Leidenschaft, langj\u00e4hriger Erfahrung und gro\u00dfer Sorgfalt, die bereits im Weinberg beginnt, entstehen unsere Weine.<\/p>\n<p style=\"text-align: center;\">Nur aus Qualit\u00e4tstrauben lassen sich Qualit\u00e4tsweine machen.<\/p>\n<p>[\/vc_column_text][vc_separator type=&#8220;transparent&#8220; up=&#8220;35&#8243; down=&#8220;22&#8243;]<div class='projects_holder_outer v2 portfolio_with_space portfolio_standard  masonry_with_space'><div class='projects_holder portfolio_main_holder clearfix v2 standard portfolio_full_image '>\n<article class='mix portfolio_category_64 portfolio_category_62 portfolio_category_49 ' style='padding: 0 5px;margin-bottom: 10px !important;'><div class=\"item_holder thin_plus_only\"><div class=\"text_holder\"><div class=\"text_holder_outer\"><div class=\"text_holder_inner\"><span class=\"thin_plus_only_icon\">+<\/span><\/div><\/div><\/div><a class=\"portfolio_link_class\" title=\"Terlaner Chardonnay\" href=\"http:\/\/weingut-dona.com\/prod\/detail\/terlaner-chardonnay\/\"><\/a><div  class=\"portfolio_shader\"><\/div><div class=\"image_holder\"><span class=\"image\"><img width=\"494\" height=\"500\" src=\"http:\/\/weingut-dona.com\/wp-content\/uploads\/Terlaner-Chardonnay_kl.jpg\" class=\"attachment-portfolio_masonry_with_space size-portfolio_masonry_with_space wp-post-image\" alt=\"\" decoding=\"async\" srcset=\"http:\/\/weingut-dona.com\/wp-content\/uploads\/Terlaner-Chardonnay_kl.jpg 494w, http:\/\/weingut-dona.com\/wp-content\/uploads\/Terlaner-Chardonnay_kl-296x300.jpg 296w\" sizes=\"(max-width: 494px) 100vw, 494px\" \/><\/span><\/div><\/div><div class='portfolio_description text_align_center' ><h4 class=\"portfolio_title\"><a href=\"http:\/\/weingut-dona.com\/prod\/detail\/terlaner-chardonnay\/\" target=\"_self\" >Terlaner Chardonnay<\/a><\/h4><\/div><\/article>\n<article class='mix portfolio_category_64 portfolio_category_62 portfolio_category_49 ' style='padding: 0 5px;margin-bottom: 10px !important;'><div class=\"item_holder thin_plus_only\"><div class=\"text_holder\"><div class=\"text_holder_outer\"><div class=\"text_holder_inner\"><span class=\"thin_plus_only_icon\">+<\/span><\/div><\/div><\/div><a class=\"portfolio_link_class\" title=\"S\u00fcdtirol Sauvignon\" href=\"http:\/\/weingut-dona.com\/prod\/detail\/sauvignon\/\"><\/a><div  class=\"portfolio_shader\"><\/div><div class=\"image_holder\"><span class=\"image\"><img width=\"494\" height=\"500\" src=\"http:\/\/weingut-dona.com\/wp-content\/uploads\/Suedtirol-Sauvignon_kl.jpg\" class=\"attachment-portfolio_masonry_with_space size-portfolio_masonry_with_space wp-post-image\" alt=\"\" decoding=\"async\" srcset=\"http:\/\/weingut-dona.com\/wp-content\/uploads\/Suedtirol-Sauvignon_kl.jpg 494w, http:\/\/weingut-dona.com\/wp-content\/uploads\/Suedtirol-Sauvignon_kl-296x300.jpg 296w\" sizes=\"(max-width: 494px) 100vw, 494px\" \/><\/span><\/div><\/div><div class='portfolio_description text_align_center' ><h4 class=\"portfolio_title\"><a href=\"http:\/\/weingut-dona.com\/prod\/detail\/sauvignon\/\" target=\"_self\" >S\u00fcdtirol Sauvignon<\/a><\/h4><\/div><\/article>\n<div class='filler'><\/div>\n<div class='filler'><\/div>\n<\/div><\/div><div class='projects_holder_outer v2 portfolio_with_space portfolio_standard  masonry_with_space'><div class='projects_holder portfolio_main_holder clearfix v2 standard portfolio_full_image '>\n<article class='mix portfolio_category_53 portfolio_category_62 portfolio_category_49 ' style='padding: 0 5px;margin-bottom: 10px !important;'><div class=\"item_holder thin_plus_only\"><div class=\"text_holder\"><div class=\"text_holder_outer\"><div class=\"text_holder_inner\"><span class=\"thin_plus_only_icon\">+<\/span><\/div><\/div><\/div><a class=\"portfolio_link_class\" title=\"S\u00fcdtirol Vernatsch\" href=\"http:\/\/weingut-dona.com\/prod\/detail\/suedtirol-vernatsch\/\"><\/a><div  class=\"portfolio_shader\"><\/div><div class=\"image_holder\"><span class=\"image\"><img width=\"494\" height=\"500\" src=\"http:\/\/weingut-dona.com\/wp-content\/uploads\/Suedtirol-Vernatsch_kl.jpg\" class=\"attachment-portfolio_masonry_with_space size-portfolio_masonry_with_space wp-post-image\" alt=\"\" decoding=\"async\" srcset=\"http:\/\/weingut-dona.com\/wp-content\/uploads\/Suedtirol-Vernatsch_kl.jpg 494w, http:\/\/weingut-dona.com\/wp-content\/uploads\/Suedtirol-Vernatsch_kl-296x300.jpg 296w\" sizes=\"(max-width: 494px) 100vw, 494px\" \/><\/span><\/div><\/div><div class='portfolio_description text_align_center' ><h4 class=\"portfolio_title\"><a href=\"http:\/\/weingut-dona.com\/prod\/detail\/suedtirol-vernatsch\/\" target=\"_self\" >S\u00fcdtirol Vernatsch<\/a><\/h4><\/div><\/article>\n<article class='mix portfolio_category_53 portfolio_category_62 portfolio_category_49 ' style='padding: 0 5px;margin-bottom: 10px !important;'><div class=\"item_holder thin_plus_only\"><div class=\"text_holder\"><div class=\"text_holder_outer\"><div class=\"text_holder_inner\"><span class=\"thin_plus_only_icon\">+<\/span><\/div><\/div><\/div><a class=\"portfolio_link_class\" title=\"Merlot-Lagrein\" href=\"http:\/\/weingut-dona.com\/prod\/detail\/suedtirol-merlot-lagrein\/\"><\/a><div  class=\"portfolio_shader\"><\/div><div class=\"image_holder\"><span class=\"image\"><img width=\"494\" height=\"500\" src=\"http:\/\/weingut-dona.com\/wp-content\/uploads\/Merlot-Lagrein_kl.jpg\" class=\"attachment-portfolio_masonry_with_space size-portfolio_masonry_with_space wp-post-image\" alt=\"\" decoding=\"async\" srcset=\"http:\/\/weingut-dona.com\/wp-content\/uploads\/Merlot-Lagrein_kl.jpg 494w, http:\/\/weingut-dona.com\/wp-content\/uploads\/Merlot-Lagrein_kl-296x300.jpg 296w\" sizes=\"(max-width: 494px) 100vw, 494px\" \/><\/span><\/div><\/div><div class='portfolio_description text_align_center' ><h4 class=\"portfolio_title\"><a href=\"http:\/\/weingut-dona.com\/prod\/detail\/suedtirol-merlot-lagrein\/\" target=\"_self\" >Merlot-Lagrein<\/a><\/h4><\/div><\/article>\n<div class='filler'><\/div>\n<div class='filler'><\/div>\n<\/div><\/div>[vc_separator type=&#8220;transparent&#8220; up=&#8220;30&#8243; down=&#8220;30&#8243;][\/vc_column][\/vc_row][vc_row css_animation=&#8220;&#8220; row_type=&#8220;row&#8220; use_row_as_full_screen_section=&#8220;no&#8220; type=&#8220;full_width&#8220; header_style=&#8220;dark&#8220; in_content_menu=&#8220;in_content_menu&#8220; content_menu_icon=&#8220;&#8220; angled_section=&#8220;no&#8220; text_align=&#8220;left&#8220; background_image=&#8220;13861&#8243; background_image_as_pattern=&#8220;without_pattern&#8220; background_color=&#8220;#ece9dc&#8220;][vc_column][vc_separator type=&#8220;transparent&#8220; up=&#8220;50&#8243; down=&#8220;22&#8243;][vc_column_text]<\/p>\n<h2 style=\"text-align: center;\"><a href=\"http:\/\/weingut-dona.com\/prod\/ferienwohnungen\/\">Mediterranes Ambiente inmitten von Weinbergen\u00a0<\/a><\/h2>\n<p style=\"text-align: center;\">Unsere neuen Ferienwohnungen bieten einen fantastischen Ausblick auf die faszinierende Bergwelt der Dolomiten.<\/p>\n<p style=\"text-align: center;\">Genie\u00dfen Sie Ihren Urlaub ganz individuell und ungezwungen.<\/p>\n<p style=\"text-align: center;\">Wir freuen uns auf Ihren Besuch!<\/p>\n<p>[\/vc_column_text][vc_separator type=&#8220;transparent&#8220; up=&#8220;35&#8243; down=&#8220;22&#8243;][vc_column_text]<\/p>\n<div id=\"rhLogoCont\" style=\"text-align: center;\">\u00a0<script src=\"https:\/\/www.roterhahn.it\/de\/get-farm-logo-code\/?cnt=4218\"><\/script><\/div>\n<p>[\/vc_column_text][vc_single_image image=&#8220;16261&#8243; img_size=&#8220;full&#8220; alignment=&#8220;center&#8220; qode_css_animation=&#8220;element_from_left&#8220; transition_delay=&#8220;0.3&#8243;][\/vc_column][\/vc_row][vc_row css_animation=&#8220;element_from_left&#8220; row_type=&#8220;row&#8220; use_row_as_full_screen_section=&#8220;yes&#8220; type=&#8220;grid&#8220; header_style=&#8220;dark&#8220; angled_section=&#8220;no&#8220; text_align=&#8220;left&#8220; background_image_as_pattern=&#8220;without_pattern&#8220; border_color=&#8220;rgba(255,255,255,0.01)&#8220;][vc_column][vc_separator type=&#8220;transparent&#8220; thickness=&#8220;0&#8243; up=&#8220;20&#8243; down=&#8220;20&#8243;][vc_column_text]<\/p>\n<h4 style=\"text-align: center;\"><a href=\"https:\/\/weingut-dona.com\/prod\/detail\/ferienwohnung-in-naturholz\/\">Ferienwohnungen in Naturholz<\/a><\/h4>\n<p>[\/vc_column_text][vc_separator type=&#8220;transparent&#8220; thickness=&#8220;0&#8243; up=&#8220;35&#8243; down=&#8220;35&#8243;]<div class='qode_image_gallery_no_space '><div class='qode_image_gallery_holder' style='height: 500px;'><ul  ><li  ><div style=\"height: 500px; width:1200px;\"><a target=\"_self\" href=\"https:\/\/weingut-dona.com\/prod\/detail\/ferienwohnung-in-naturholz\/\"><img src=\"http:\/\/weingut-dona.com\/wp-content\/uploads\/Andergassen-web-1053.jpg\" alt=\"FERIENWOHNUNGEN IN NATURHOL\" \/><\/a><\/div><\/li><li  ><div style=\"height: 500px; width:1200px;\"><img src=\"http:\/\/weingut-dona.com\/wp-content\/uploads\/Andergassen-web-1048.jpg\" alt=\"FERIENWOHNUNGEN IN NATURHOL\" \/><\/div><\/li><li  ><div style=\"height: 500px; width:1200px;\"><img src=\"http:\/\/weingut-dona.com\/wp-content\/uploads\/Andergassen-web-1067.jpg\" alt=\"Liegewiese\" \/><\/div><\/li><li  ><div style=\"height: 500px; width:1200px;\"><img src=\"http:\/\/weingut-dona.com\/wp-content\/uploads\/Andergassen-web-1049.jpg\" alt=\"FERIENWOHNUNGEN IN NATURHOL\" \/><\/div><\/li><li  ><div style=\"height: 500px; width:1200px;\"><img src=\"http:\/\/weingut-dona.com\/wp-content\/uploads\/Andergassen-web-1051.jpg\" alt=\"FERIENWOHNUNGEN IN NATURHOL\" \/><\/div><\/li><li  ><div style=\"height: 500px; width:1200px;\"><img src=\"http:\/\/weingut-dona.com\/wp-content\/uploads\/weigut-dona-gr5.jpg\" alt=\"\" \/><\/div><\/li><\/ul><\/div><div class=\"controls\"><a class=\"prev-slide\" href=\"#\"><span><i class=\"fa fa-angle-left\"><\/i><\/span><\/a><a class=\"next-slide\" href=\"#\"><span><i class=\"fa fa-angle-right\"><\/i><\/span><\/a><\/div><\/div>[vc_separator type=&#8220;transparent&#8220; up=&#8220;30&#8243; down=&#8220;20&#8243;][\/vc_column][\/vc_row][vc_row css_animation=&#8220;&#8220; row_type=&#8220;row&#8220; use_row_as_full_screen_section=&#8220;no&#8220; type=&#8220;full_width&#8220; angled_section=&#8220;no&#8220; text_align=&#8220;left&#8220; background_image_as_pattern=&#8220;without_pattern&#8220;][vc_column][vc_empty_space height=&#8220;120px&#8220;][\/vc_column][\/vc_row]<\/p>\n<\/div>","protected":false},"excerpt":{"rendered":"<p>[vc_row css_animation=&#8220;&#8220; row_type=&#8220;row&#8220; use_row_as_full_screen_section=&#8220;no&#8220; type=&#8220;full_width&#8220; angled_section=&#8220;no&#8220; text_align=&#8220;left&#8220; background_image_as_pattern=&#8220;without_pattern&#8220; background_color=&#8220;#ffffff&#8220; padding_top=&#8220;10&#8243;][vc_column][vc_empty_space][\/vc_column][\/vc_row][vc_row css_animation=&#8220;&#8220; row_type=&#8220;row&#8220; use_row_as_full_screen_section=&#8220;no&#8220; type=&#8220;grid&#8220; header_style=&#8220;dark&#8220; in_content_menu=&#8220;in_content_menu&#8220; content_menu_icon=&#8220;&#8220; angled_section=&#8220;no&#8220; text_align=&#8220;center&#8220; background_image_as_pattern=&#8220;without_pattern&#8220; background_color=&#8220;#ffffff&#8220;][vc_column width=&#8220;1\/4&#8243;][vc_column_text] KELLEREI [\/vc_column_text][\/vc_column][vc_column width=&#8220;1\/2&#8243;][vc_column_text]&#8230;<\/p>\n","protected":false},"author":2,"featured_media":0,"parent":0,"menu_order":0,"comment_status":"closed","ping_status":"closed","template":"full_width.php","meta":{"footnotes":""},"publishpress_future_action":{"enabled":false,"date":"1970-01-01 01:00:00","action":"","terms":[],"taxonomy":"","browser_timezone_offset":0},"_links":{"self":[{"href":"http:\/\/weingut-dona.com\/prod\/wp-json\/wp\/v2\/pages\/14239"}],"collection":[{"href":"http:\/\/weingut-dona.com\/prod\/wp-json\/wp\/v2\/pages"}],"about":[{"href":"http:\/\/weingut-dona.com\/prod\/wp-json\/wp\/v2\/types\/page"}],"author":[{"embeddable":true,"href":"http:\/\/weingut-dona.com\/prod\/wp-json\/wp\/v2\/users\/2"}],"replies":[{"embeddable":true,"href":"http:\/\/weingut-dona.com\/prod\/wp-json\/wp\/v2\/comments?post=14239"}],"version-history":[{"count":161,"href":"http:\/\/weingut-dona.com\/prod\/wp-json\/wp\/v2\/pages\/14239\/revisions"}],"predecessor-version":[{"id":18948,"href":"http:\/\/weingut-dona.com\/prod\/wp-json\/wp\/v2\/pages\/14239\/revisions\/18948"}],"wp:attachment":[{"href":"http:\/\/weingut-dona.com\/prod\/wp-json\/wp\/v2\/media?parent=14239"}],"curies":[{"name":"wp","href":"https:\/\/api.w.org\/{rel}","templated":true}]}}